{"id":292,"date":"2011-04-05T17:25:38","date_gmt":"2011-04-05T15:25:38","guid":{"rendered":"http:\/\/www.st-maria-jettenhausen.de\/wordpress\/?page_id=292"},"modified":"2021-09-11T16:40:43","modified_gmt":"2021-09-11T14:40:43","slug":"ministranten-und-spiritualitat","status":"publish","type":"page","link":"https:\/\/www.st-maria-jettenhausen.de\/wordpress\/orga-teams\/ministranten-und-spiritualitat","title":{"rendered":"Ministranten und Spiritualit\u00e4t"},"content":{"rendered":"<p>Das Fachgebiet Ministranten und Spiritualit\u00e4t ist Ansprechparnter f\u00fcr alle Anliegen rund um das Thema Minis und Spiritualit\u00e4t. Zu den Aufgaben geh\u00f6ren dabei die Erstellung des Miniplans, Organisation von Ministrantenausfl\u00fcgen, Organisation von spirituellen Impulsen und \u00dcbernachtungsaktionen, Ausbildung neuer Ministranten, sowie die Aufnahme dieser in die Ministrantengemeinschaft und vieles mehr.<\/p>\n<div><\/div>\n<div>Ansprechpartner*innen:<\/div>\n<ul>\n<li>Anja Michel<\/li>\n<li>Fabian Marktanner<\/li>\n<\/ul>\n<p>Kontakt: ministranten@minis-st-maria.de<\/p>\n","protected":false},"excerpt":{"rendered":"<p>Das Fachgebiet Ministranten und Spiritualit\u00e4t ist Ansprechparnter f\u00fcr alle Anliegen rund um das Thema Minis und Spiritualit\u00e4t. Zu den Aufgaben geh\u00f6ren dabei die Erstellung des Miniplans, Organisation von Ministrantenausfl\u00fcgen, Organisation von spirituellen Impulsen und \u00dcbernachtungsaktionen, Ausbildung neuer Ministranten, sowie die Aufnahme dieser in die Ministrantengemeinschaft und vieles mehr. Ansprechpartner*innen: Anja Michel Fabian Marktanner Kontakt: ministranten@minis-st-maria.de<\/p>\n","protected":false},"author":2,"featured_media":0,"parent":49,"menu_order":0,"comment_status":"open","ping_status":"open","template":"","meta":{"ngg_post_thumbnail":0,"footnotes":""},"class_list":["post-292","page","type-page","status-publish","hentry"],"_links":{"self":[{"href":"https:\/\/www.st-maria-jettenhausen.de\/wordpress\/wp-json\/wp\/v2\/pages\/292","targetHints":{"allow":["GET"]}}],"collection":[{"href":"https:\/\/www.st-maria-jettenhausen.de\/wordpress\/wp-json\/wp\/v2\/pages"}],"about":[{"href":"https:\/\/www.st-maria-jettenhausen.de\/wordpress\/wp-json\/wp\/v2\/types\/page"}],"author":[{"embeddable":true,"href":"https:\/\/www.st-maria-jettenhausen.de\/wordpress\/wp-json\/wp\/v2\/users\/2"}],"replies":[{"embeddable":true,"href":"https:\/\/www.st-maria-jettenhausen.de\/wordpress\/wp-json\/wp\/v2\/comments?post=292"}],"version-history":[{"count":13,"href":"https:\/\/www.st-maria-jettenhausen.de\/wordpress\/wp-json\/wp\/v2\/pages\/292\/revisions"}],"predecessor-version":[{"id":755,"href":"https:\/\/www.st-maria-jettenhausen.de\/wordpress\/wp-json\/wp\/v2\/pages\/292\/revisions\/755"}],"up":[{"embeddable":true,"href":"https:\/\/www.st-maria-jettenhausen.de\/wordpress\/wp-json\/wp\/v2\/pages\/49"}],"wp:attachment":[{"href":"https:\/\/www.st-maria-jettenhausen.de\/wordpress\/wp-json\/wp\/v2\/media?parent=292"}],"curies":[{"name":"wp","href":"https:\/\/api.w.org\/{rel}","templated":true}]}}